{"id":691,"date":"2024-02-02T15:40:43","date_gmt":"2024-02-02T15:40:43","guid":{"rendered":"https:\/\/musictogethersilvercoast.pt\/?page_id=691"},"modified":"2026-04-12T23:14:23","modified_gmt":"2026-04-12T22:14:23","slug":"ola","status":"publish","type":"page","link":"https:\/\/musictogethersilvercoast.pt\/pt\/ola\/","title":{"rendered":"Ol\u00e1, Silver Coast!"},"content":{"rendered":"<div class=\"et_pb_section_0 et_pb_section et_section_regular et_block_section\"><div class=\"et_pb_row_0 et_pb_row et_block_row\"><div class=\"et_pb_column_0 et_pb_column et_pb_column_1_2 et_block_column et_pb_css_mix_blend_mode_passthrough\"><div class=\"et_pb_image_0 et_pb_image et_pb_module et_block_module\"><span class=\"et_pb_image_wrap\"><img loading=\"lazy\" decoding=\"async\" src=\"https:\/\/musictogethersilvercoast.pt\/wp-content\/uploads\/sites\/12\/2024\/08\/Sem-titulo-1.png\" width=\"1105\" height=\"829\" srcset=\"https:\/\/musictogethersilvercoast.pt\/wp-content\/uploads\/sites\/12\/2024\/08\/Sem-titulo-1.png 1105w, https:\/\/musictogethersilvercoast.pt\/wp-content\/uploads\/sites\/12\/2024\/08\/Sem-titulo-1-980x735.png 980w, https:\/\/musictogethersilvercoast.pt\/wp-content\/uploads\/sites\/12\/2024\/08\/Sem-titulo-1-480x360.png 480w\" sizes=\"(min-width: 0px) and (max-width: 480px) 480px, (min-width: 481px) and (max-width: 980px) 980px, (min-width: 981px) 1105px, 100vw\" class=\"wp-image-2240\" title=\"Sem t\u00edtulo-1\" alt=\"Jardim e tenda Music Together Silver Coast\" \/><\/span><\/div><\/div><div class=\"et_pb_column_1 et_pb_column et_pb_column_1_2 et-last-child et_block_column et_pb_css_mix_blend_mode_passthrough\"><div class=\"et_pb_heading_0 et_pb_heading et_pb_module et_block_module\"><div class=\"et_pb_heading_container\"><h1 class=\"et_pb_module_header\">Finalmente chegou!<\/h1><\/div><\/div><div class=\"et_pb_heading_1 et_pb_heading et_pb_module et_block_module\"><div class=\"et_pb_heading_container\"><h1 class=\"et_pb_module_header\">A prestigiada escola internacional de m\u00fasica para crian\u00e7as dos 0 aos 8 anos abriu um centro em Salir do Porto. <\/h1><\/div><\/div><div class=\"et_pb_text_0 et_pb_text et_pb_bg_layout_light et_pb_module et_block_module\"><div class=\"et_pb_text_inner\"><p>Curriculum profissional, m\u00fasicas premiadas que toda a fam\u00edlia gosta, aprendizagem baseada na brincadeira, materiais educativos e uma experi\u00eancia que continua em casa, entre sess\u00f5es.\u00a0<\/p>\n<\/div><\/div><div class=\"et_pb_text_1 et_pb_text et_pb_bg_layout_light et_pb_module et_block_module\"><div class=\"et_pb_text_inner\"><p>Brinque, Explore e Cante na Natureza. Aulas de m\u00fasica e movimento para fam\u00edlias com crian\u00e7as at\u00e9 8 anos. As crian\u00e7as aprendem m\u00fasica, mas toda a fam\u00edlia cria mem\u00f3rias inesquec\u00edveis na Music Together.<\/p>\n<\/div><\/div><div class=\"et_pb_text_2 et_pb_text et_pb_bg_layout_light et_pb_module et_block_module\"><div class=\"et_pb_text_inner\"><p>Aos s\u00e1bados de manh\u00e3.<\/p>\n<\/div><\/div><div class=\"et_pb_module et_pb_button_module_wrapper et_pb_button_0_wrapper\"><a class=\"et_pb_button_0 et_pb_button et_pb_bg_layout_light et_pb_module et_block_module\" href=\"https:\/\/musictogethersilvercoast.pt\/registration\/\">Inscreva-se j\u00e1<\/a><\/div><\/div><\/div><div class=\"et_pb_row_1 et_pb_row et_block_row\"><div class=\"et_pb_column_2 et_pb_column et_pb_column_1_2 et_block_column et_pb_css_mix_blend_mode_passthrough\"><div class=\"et_pb_blurb_0 et_pb_blurb et_pb_bg_layout_light et_pb_blurb_position_top et_pb_module et_block_module\"><div class=\"et_pb_blurb_content\"><div class=\"et_pb_main_blurb_image\"><a href=\"https:\/\/musictogethersilvercoast.pt\/ma-summer-2024\/\"><span class=\"et_pb_image_wrap et_pb_only_image_mode_wrap\"><img loading=\"lazy\" decoding=\"async\" src=\"https:\/\/musictogethersilvercoast.pt\/wp-content\/uploads\/sites\/12\/2024\/03\/4Kids-blanket-1024x683.jpg\" width=\"1024\" height=\"683\" srcset=\"https:\/\/musictogethersilvercoast.pt\/wp-content\/uploads\/sites\/12\/2024\/03\/4Kids-blanket-1024x683.jpg 1024w, https:\/\/musictogethersilvercoast.pt\/wp-content\/uploads\/sites\/12\/2024\/03\/4Kids-blanket-980x653.jpg 980w, https:\/\/musictogethersilvercoast.pt\/wp-content\/uploads\/sites\/12\/2024\/03\/4Kids-blanket-480x320.jpg 480w\" sizes=\"(min-width: 0px) and (max-width: 480px) 480px, (min-width: 481px) and (max-width: 980px) 980px, (min-width: 981px) 1024px, 100vw\" class=\"wp-image-1202\" \/><\/span><\/a><\/div><div class=\"et_pb_blurb_container\"><h4 class=\"et_pb_module_header\"><a href=\"https:\/\/musictogethersilvercoast.pt\/ma-summer-2024\/\">Mixed Ages: Fam\u00edlias com crian\u00e7as dos 0 aos 4 anos<\/a><\/h4><div class=\"et_pb_blurb_description\"><div class=\"et_pb_module et_pb_text et_pb_text_1  et_pb_text_align_left et_pb_bg_layout_light\">\n<div class=\"et_pb_text_inner\">\n<p>S\u00e1bados, das 09:30 \u00e0s 10:30<\/p>\n<p>M\u00fasica, Movimento e Natureza para crian\u00e7as!<\/p>\n<p>Concebido para crian\u00e7as dos 0 aos 4 anos e as suas fam\u00edlias, para se viverem momentos \u00fanicos atrav\u00e9s da m\u00fasica no nosso tranquilo jardim. Desde cantigas interativas a brincadeiras r\u00edtmicas, cada atividade \u00e9 criada para promover o desenvolvimento musical, fortalecer os la\u00e7os familiares e criar mem\u00f3rias duradouras. Tamb\u00e9m temos uma sess\u00e3o de ioga para relaxar, e aproveitar ao m\u00e1ximo estar na natureza.<\/p>\n<p>Tem crian\u00e7as em ambas as faixas et\u00e1rias? As mais velhas podem participar nesta sess\u00e3o com os mais novos!<\/p>\n<\/div>\n<\/div>\n<\/div><\/div><\/div><\/div><div class=\"et_pb_module et_pb_button_module_wrapper et_pb_button_1_wrapper\"><a class=\"et_pb_button_1 et_pb_button et_pb_bg_layout_light et_pb_module et_block_module\" href=\"https:\/\/musictogethersilvercoast.pt\/registration\/\">Inscrever fam\u00edlia<\/a><\/div><\/div><div class=\"et_pb_column_3 et_pb_column et_pb_column_1_2 et-last-child et_block_column et_pb_css_mix_blend_mode_passthrough\"><div class=\"et_pb_blurb_1 et_pb_blurb et_pb_bg_layout_light et_pb_blurb_position_top et_pb_module et_block_module\"><div class=\"et_pb_blurb_content\"><div class=\"et_pb_main_blurb_image\"><span class=\"et_pb_image_wrap et_pb_only_image_mode_wrap\"><img loading=\"lazy\" decoding=\"async\" src=\"https:\/\/musictogethersilvercoast.pt\/wp-content\/uploads\/sites\/12\/2024\/04\/A-1.png\" width=\"730\" height=\"508\" srcset=\"https:\/\/musictogethersilvercoast.pt\/wp-content\/uploads\/sites\/12\/2024\/04\/A-1.png 730w, https:\/\/musictogethersilvercoast.pt\/wp-content\/uploads\/sites\/12\/2024\/04\/A-1-480x334.png 480w\" sizes=\"(min-width: 0px) and (max-width: 480px) 480px, (min-width: 481px) 730px, 100vw\" class=\"wp-image-1332\" \/><\/span><\/div><div class=\"et_pb_blurb_container\"><h4 class=\"et_pb_module_header\">Rhythm Kids: Fam\u00edlias com crian\u00e7as dos 5 aos 8 anos<\/h4><div class=\"et_pb_blurb_description\"><div class=\"flex flex-grow flex-col max-w-full\">\n<div data-message-author-role=\"assistant\" data-message-id=\"1f83c6a6-5fbb-4695-b492-383855723a8f\" dir=\"auto\" class=\"min-h-[20px] text-message flex flex-col items-start whitespace-pre-wrap break-words [.text-message+&amp;]:mt-5 juice:w-full juice:items-end overflow-x-auto gap-2\">\n<div class=\"flex w-full flex-col gap-1 juice:empty:hidden juice:first:pt-[3px]\">\n<div class=\"markdown prose w-full break-words dark:prose-invert dark\">\n<p><span style=\"font-size: 16px;\">S\u00e1bados, das 11:00 \u00e0s 12:'00<\/span><\/p>\n<p><span style=\"font-size: 16px;\">M\u00fasica, Movimento e Natureza para crian\u00e7as!\u00a0<\/span><\/p>\n<p>Comece o fim de semana da melhor forma com a Music Together Silver Coast! Mergulhe na beleza da natureza enquanto cria mem\u00f3rias preciosas com os seus filhos atrav\u00e9s da m\u00fasica. As suas manh\u00e3s ser\u00e3o transformadas em sess\u00f5es de m\u00fasica emocionantes, repletas de risos, ritmo e bons momentos.<\/p>\n<p>Tamb\u00e9m temos momentos para relaxar, e aproveitar ao m\u00e1ximo estar na natureza.<\/p>\n<\/div>\n<\/div>\n<\/div>\n<\/div>\n<div class=\"mt-1 flex gap-3 empty:hidden juice:-ml-3\">\n<div class=\"items-center justify-start rounded-xl p-1 flex\">\n<div class=\"flex items-center\">\n<div class=\"flex items-center pb-0.5 juice:pb-0\">\n<div class=\"[&amp;_svg]:h-full [&amp;_svg]:w-full icon-md h-4 w-4\"><\/div>\n<\/div>\n<\/div>\n<\/div>\n<\/div>\n<\/div><\/div><\/div><\/div><div class=\"et_pb_module et_pb_button_module_wrapper et_pb_button_2_wrapper\"><a class=\"et_pb_button_2 et_pb_button et_pb_bg_layout_light et_pb_module et_block_module\" href=\"https:\/\/musictogethersilvercoast.pt\/registration\/\">Inscrever crian\u00e7a<\/a><\/div><\/div><\/div><\/div><div class=\"et_pb_section_1 et_pb_section et_section_specialty et_pb_gutters3 et_block_section\"><div class=\"et_pb_row et_pb_row-3-4_1-4 et_block_row\"><div class=\"et_pb_column_4 et_pb_column et_pb_specialty_column et_pb_column_3_4 et_block_column et_pb_css_mix_blend_mode_passthrough\"><div class=\"et_pb_row_inner_0 et_pb_row_inner et_block_row\"><div class=\"et_pb_column_inner_0 et_pb_column_inner et_pb_column et_pb_column_4_4 et-last-child et_block_column et_pb_css_mix_blend_mode_passthrough\"><div class=\"et_pb_heading_2 et_pb_heading et_pb_module et_block_module\"><div class=\"et_pb_heading_container\"><h1 class=\"et_pb_module_header\">Vamos fazer m\u00fasica!<\/h1><\/div><\/div><div class=\"et_pb_text_3 et_pb_text et_pb_bg_layout_light et_pb_module et_block_module\"><div class=\"et_pb_text_inner\"><h2 data-sourcepos=\"1:1-1:65\" class=\"\">Music Together\u00ae - Torne a m\u00fasica parte da vida da sua fam\u00edlia!<\/h2>\n<p data-sourcepos=\"3:1-3:70\"><strong>Imagine um lugar onde voc\u00ea e o seu filho podem divertir-se, aprender e criar juntos atrav\u00e9s da m\u00fasica.<\/strong><span> Esse lugar \u00e9 o Music Together\u00ae,<\/span><span> um programa \u00fanico de educa\u00e7\u00e3o musical para beb\u00e9s,<\/span><span> e crian\u00e7as at\u00e9 aos oito anos.<\/span><\/p>\n<p data-sourcepos=\"5:1-5:2\"><strong>Nas aulas do Music Together\u00ae, as fam\u00edlias:<\/strong><\/p>\n<ul data-sourcepos=\"7:1-8:21\">\n<ul data-sourcepos=\"7:1-8:21\">\n<li data-sourcepos=\"7:1-7:62\"><span>Cantam can\u00e7\u00f5es emocionante e brincam com ritmos divertidos;<\/span><\/li>\n<li data-sourcepos=\"7:1-7:62\">Dan\u00e7am e expressam-se livremente ao som da m\u00fasica;<\/li>\n<li data-sourcepos=\"7:1-7:62\">Descobrem a alegria de fazer m\u00fasica em fam\u00edlia;<\/li>\n<li data-sourcepos=\"7:1-7:62\">Criam la\u00e7os afetivos e fortalecem o desenvolvimento social dos seus filhos;<\/li>\n<li data-sourcepos=\"7:1-7:62\">Conhecem outras fam\u00edlias.<\/li>\n<\/ul>\n<\/ul>\n<p data-sourcepos=\"12:1-12:72\"><strong>Mais do que uma aula de m\u00fasica, o Music Together\u00ae \u00e9 uma experi\u00eancia.<\/strong><\/p>\n<ul data-sourcepos=\"14:1-17:0\">\n<ul data-sourcepos=\"14:1-17:0\">\n<li data-sourcepos=\"14:1-14:63\"><span>Um ambiente acolhedor e inclusivo,<\/span><span> onde todos s\u00e3o bem-vindos;<\/span><\/li>\n<li data-sourcepos=\"14:1-14:63\">Uma comunidade de fam\u00edlias unidas pela m\u00fasica;<\/li>\n<li data-sourcepos=\"14:1-14:63\">Uma oportunidade para celebrar a musicalidade natural do seu filho.<\/li>\n<\/ul>\n<\/ul>\n<p data-sourcepos=\"18:1-18:41\"><strong>Com o Music Together\u00ae, o seu filho vai:<\/strong><\/p>\n<ul data-sourcepos=\"20:1-23:12\">\n<ul data-sourcepos=\"20:1-23:12\">\n<li data-sourcepos=\"20:1-20:67\"><span>Desenvolver habilidades musicais como ritmo,<\/span><span> melodia e entoa\u00e7\u00e3o;<\/span><\/li>\n<li data-sourcepos=\"20:1-20:67\">Melhorar a linguagem e a comunica\u00e7\u00e3o;<\/li>\n<li data-sourcepos=\"20:1-20:67\">Estimular a criatividade e a imagina\u00e7\u00e3o;<\/li>\n<li data-sourcepos=\"20:1-20:67\">Aumentar a confian\u00e7a e a autoestima;<\/li>\n<li data-sourcepos=\"20:1-20:67\">Criar mem\u00f3rias preciosas para a vida toda.<\/li>\n<\/ul>\n<\/ul>\n<p data-sourcepos=\"26:1-26:114\">As aulas do Music Together\u00ae s\u00e3o oferecidas durante todo o ano, com uma nova cole\u00e7\u00e3o de m\u00fasicas a cada esta\u00e7\u00e3o.<\/p>\n<p data-sourcepos=\"28:1-28:89\">Venha experimentar uma sess\u00e3o e descubra a alegria de tocar m\u00fasica em fam\u00edlia!<\/p>\n<p data-sourcepos=\"28:1-28:89\">Junte-se a n\u00f3s e fa\u00e7a da m\u00fasica parte da vida da sua fam\u00edlia!<\/p>\n<\/div><\/div><\/div><\/div><\/div><div class=\"et_pb_column_5 et_pb_column et_pb_column_single et_pb_column_1_4 et-last-child et_block_column et_pb_css_mix_blend_mode_passthrough\"><div class=\"et_pb_testimonial_0 et_pb_testimonial et_pb_icon_off et_pb_bg_layout_light et_pb_module et_block_module\"><div class=\"et_pb_testimonial_inner\"><div class=\"et_pb_testimonial_portrait\" style=\"background-image:url(https:\/\/musictogethersilvercoast.pt\/wp-content\/uploads\/sites\/12\/2024\/01\/Petru-and-Ines.jpg)\"><\/div><div class=\"et_pb_testimonial_description\"><div class=\"et_pb_testimonial_description_inner\"><div class=\"et_pb_testimonial_content\"><p>Sejam bem-vindos \u00e0 nossa comunidade!<\/p>\n<p>Sejam voc\u00eas mesmos, nada mais, nem menos.\u00a0\u00a0<\/p>\n<p data-sourcepos=\"5:1-5:33\"><span>Aqui podemos divertir~nos juntos,<\/span><span> criar la\u00e7os com os nossos filhos e crescer musicalmente!<\/span><\/p>\n<p data-sourcepos=\"7:1-7:88\"><span>Todas as semanas,<\/span><span> podemos desfrutar da m\u00fasica, uns dos outros <\/span><span>e da natureza.<\/span><\/p>\n<p>Let us have fun together, bond with our children and grow musically together!<\/p>\n<p>Every week, we can connect and enjoy music, togetherness and Nature.<\/p>\n<p>See you here,<\/p>\n<\/div><\/div><div class=\"et_pb_testimonial_author\">Petru and In\u00eas<\/div><div class=\"et_pb_testimonial_meta\"><\/div><\/div><\/div><\/div><\/div><\/div><\/div><div class=\"et_pb_section_2 et_pb_section et_section_regular et_block_section et_pb_section_parallax\"><span class=\"et-pb-parallax-wrapper\"><span class=\"et-pb-parallax-background et-pb-parallax-background-module--divi-section-2\" style=\"background-image:url(https:\/\/musictogethersilvercoast.pt\/wp-content\/uploads\/sites\/12\/2024\/01\/Friend-Flourish-04_RED-screen.png)\"><\/span><\/span><div class=\"et_pb_row_2 et_pb_row et_block_row\"><div class=\"et_pb_column_6 et_pb_column et_pb_column_4_4 et-last-child et_block_column et_pb_css_mix_blend_mode_passthrough\"><div class=\"et_pb_text_4 et_pb_text et_pb_bg_layout_light et_pb_module et_block_module et_pb_text_align_center\"><div class=\"et_pb_text_inner\"><h2>O que as fam\u00edlias dizem sobre n\u00f3s<\/h2>\n<\/div><\/div><\/div><\/div><div class=\"et_pb_row_3 et_pb_row et_block_row\"><div class=\"et_pb_column_7 et_pb_column et_pb_column_1_2 et_block_column et_pb_css_mix_blend_mode_passthrough\"><div class=\"et_pb_testimonial_1 et_pb_testimonial et_pb_icon_off et_pb_bg_layout_light et_animated et_pb_module et_block_module\"><div class=\"et_pb_testimonial_inner\"><div class=\"et_pb_testimonial_portrait\" style=\"background-image:url(https:\/\/musictogethersilvercoast.pt\/wp-content\/uploads\/sites\/12\/2024\/01\/MT-Friends-Group-07_RED.png)\"><\/div><div class=\"et_pb_testimonial_description\"><div class=\"et_pb_testimonial_description_inner\"><div class=\"et_pb_testimonial_content\"><div class=\"et_pb_testimonial_description_inner\">\n<div class=\"et_pb_testimonial_content\">\n<div>\n<div class=\"MyEned\" id=\"ChZDSUhNMG9nS0VJQ0FnSURkMW9Hdk5nEAE\" lang=\"en\" tabindex=\"-1\"><span class=\"wiI7pd\">I went to a free trial session with my two daughters (2 and 4y) and they enjoyed it a lot. She is very sweet and the children are free to look around in her big garden with some farm animals. The lesson is in a glamping tent which is very idyllic. Both for Portuguese and English speaking kids.<\/span><\/div>\n<\/div>\n<div class=\"oqftme\"><\/div>\n<\/div>\n<\/div>\n<p class=\"et_pb_testimonial_meta\">\n<\/div><\/div><div class=\"et_pb_testimonial_author\">Katriens<\/div><div class=\"et_pb_testimonial_meta\"><span class=\"et_pb_testimonial_company\">Portugal<\/span><\/div><\/div><\/div><\/div><div class=\"et_pb_video_0 et_pb_video et_pb_module et_block_module\"><div class=\"et_pb_video_box\"><iframe loading=\"lazy\" title=\"See what families say about us!\" width=\"1080\" height=\"608\" src=\"https:\/\/www.youtube.com\/embed\/Zg2E2HdVaqo?feature=oembed\"  allow=\"accelerometer; autoplay; clipboard-write; encrypted-media; gyroscope; picture-in-picture; web-share\" referrerpolicy=\"strict-origin-when-cross-origin\" allowfullscreen><\/iframe><\/div><\/div><div class=\"et_pb_module et_pb_button_module_wrapper et_pb_button_3_wrapper\"><a class=\"et_pb_button_3 et_pb_button et_pb_bg_layout_light et_pb_module et_block_module\" href=\"https:\/\/musictogethersilvercoast.pt\/inscricoes-curso-primavera\/\">Inscreva-se<\/a><\/div><\/div><div class=\"et_pb_column_8 et_pb_column et_pb_column_1_2 et-last-child et_block_column et_pb_css_mix_blend_mode_passthrough\"><div class=\"et_pb_testimonial_2 et_pb_testimonial et_pb_icon_off et_pb_bg_layout_light et_animated et_pb_module et_block_module\"><div class=\"et_pb_testimonial_inner\"><div class=\"et_pb_testimonial_portrait\" style=\"background-image:url(https:\/\/musictogethersilvercoast.pt\/wp-content\/uploads\/sites\/12\/2024\/01\/MT-Friends-Group-07_RED-1.png)\"><\/div><div class=\"et_pb_testimonial_description\"><div class=\"et_pb_testimonial_description_inner\"><div class=\"et_pb_testimonial_content\"><p><span>My husband teases me because whenever I mention Music Together to anyone, he always pipes up my next line which is \u2018best money we ever spent.\u2019 I truly mean it. Kudos to Ken and Lili for a program that outshines any other I have seen around!<\/span><\/p>\n<\/div><\/div><div class=\"et_pb_testimonial_author\">Kim<\/div><div class=\"et_pb_testimonial_meta\"><span class=\"et_pb_testimonial_company\">Princeton, NJ<\/span><\/div><\/div><\/div><\/div><div class=\"et_pb_testimonial_3 et_pb_testimonial et_pb_icon_off et_pb_bg_layout_light et_animated et_pb_module et_block_module\"><div class=\"et_pb_testimonial_inner\"><div class=\"et_pb_testimonial_portrait\" style=\"background-image:url(https:\/\/musictogethersilvercoast.pt\/wp-content\/uploads\/sites\/12\/2024\/01\/MT-Friends-Group-07_RED.png)\"><\/div><div class=\"et_pb_testimonial_description\"><div class=\"et_pb_testimonial_description_inner\"><div class=\"et_pb_testimonial_content\"><div class=\"et_pb_testimonial_description_inner\">\n<div class=\"et_pb_testimonial_content\">\n<p>\u201cMy daughter was a colicky baby who was difficult to soothe. Although she was held, rocked, crooned, and sung to constantly, nothing seemed to help . . . until the \u2018Hello Song\u2019 entered our lives. The \u2018Hello Song\u2019 could immediately stop crying spells, even if just for a short time, and other songs from the Tambourine collection had a similar effect! We were immediately hooked!!\u201d<\/p>\n<\/div>\n<\/div>\n<p class=\"et_pb_testimonial_meta\">\n<\/div><\/div><div class=\"et_pb_testimonial_author\">Nicole Y.<\/div><div class=\"et_pb_testimonial_meta\"><span class=\"et_pb_testimonial_company\">Long Island, NY<\/span><\/div><\/div><\/div><\/div><\/div><\/div><\/div>","protected":false},"excerpt":{"rendered":"","protected":false},"author":2,"featured_media":0,"parent":0,"menu_order":0,"comment_status":"closed","ping_status":"closed","template":"","meta":{"footnotes":""},"class_list":["post-691","page","type-page","status-publish","hentry"],"_links":{"self":[{"href":"https:\/\/musictogethersilvercoast.pt\/pt\/wp-json\/wp\/v2\/pages\/691","targetHints":{"allow":["GET"]}}],"collection":[{"href":"https:\/\/musictogethersilvercoast.pt\/pt\/wp-json\/wp\/v2\/pages"}],"about":[{"href":"https:\/\/musictogethersilvercoast.pt\/pt\/wp-json\/wp\/v2\/types\/page"}],"author":[{"embeddable":true,"href":"https:\/\/musictogethersilvercoast.pt\/pt\/wp-json\/wp\/v2\/users\/2"}],"replies":[{"embeddable":true,"href":"https:\/\/musictogethersilvercoast.pt\/pt\/wp-json\/wp\/v2\/comments?post=691"}],"version-history":[{"count":41,"href":"https:\/\/musictogethersilvercoast.pt\/pt\/wp-json\/wp\/v2\/pages\/691\/revisions"}],"predecessor-version":[{"id":2845,"href":"https:\/\/musictogethersilvercoast.pt\/pt\/wp-json\/wp\/v2\/pages\/691\/revisions\/2845"}],"wp:attachment":[{"href":"https:\/\/musictogethersilvercoast.pt\/pt\/wp-json\/wp\/v2\/media?parent=691"}],"curies":[{"name":"wp","href":"https:\/\/api.w.org\/{rel}","templated":true}]}}