{"id":779,"date":"2024-02-12T20:19:42","date_gmt":"2024-02-12T20:19:42","guid":{"rendered":"https:\/\/musictogethersilvercoast.pt\/?page_id=779"},"modified":"2026-04-12T23:14:26","modified_gmt":"2026-04-12T22:14:26","slug":"news","status":"publish","type":"page","link":"https:\/\/musictogethersilvercoast.pt\/pt\/news\/","title":{"rendered":"News"},"content":{"rendered":"<div class=\"et_pb_section_0 et_pb_section et_section_regular et_block_section\"><div class=\"et_pb_row_0 et_pb_row et_block_row\"><div class=\"et_pb_column_0 et_pb_column et_pb_column_4_4 et-last-child et_block_column et_pb_css_mix_blend_mode_passthrough\"><div class=\"et_pb_blog_0 et_pb_blog et_pb_bg_layout_light et_pb_posts et_pb_module\"><div class=\"et_pb_ajax_pagination_container\"><div class=\"et_pb_posts et_grid_module\"><article class=\"et_pb_post et_pb_post_id_2657 clearfix et_pb_blog_item_0_0 post-2657 post type-post status-publish format-standard has-post-thumbnail hentry category-summer tag-campos-de-ferias tag-summer-camp tag-summercamp tag-verao\"><div class=\"et_pb_image_container\"><a href=\"https:\/\/musictogethersilvercoast.pt\/pt\/2025\/06\/20\/%f0%9f%8c%9e-ultimate-summer-camp-guide-2025-silver-coast-region\/\" class=\"entry-featured-image-url\"><img loading=\"lazy\" decoding=\"async\" src=\"https:\/\/musictogethersilvercoast.pt\/wp-content\/uploads\/sites\/12\/2024\/04\/Boardwalk.png\" width=\"400\" height=\"284\" alt=\"\ud83c\udf1e Ultimate Summer Camp Guide 2025 | Silver Coast Region\" class=\"\" srcset=\"https:\/\/musictogethersilvercoast.pt\/wp-content\/uploads\/sites\/12\/2024\/04\/Boardwalk.png 479w, https:\/\/musictogethersilvercoast.pt\/wp-content\/uploads\/sites\/12\/2024\/04\/Boardwalk-400x284.png 480w\" sizes=\"(max-width:479px) 479px, 100vw\" \/><span data-icon=\"\ue050\" class=\"et_overlay et_pb_inline_icon\"><\/span><\/a><\/div><h2 class=\"entry-title\"><a href=\"https:\/\/musictogethersilvercoast.pt\/pt\/2025\/06\/20\/%f0%9f%8c%9e-ultimate-summer-camp-guide-2025-silver-coast-region\/\">\ud83c\udf1e Guia Definitivo de Campos de F\u00e9rias 2025 | Regi\u00e3o da Costa de Prata<\/a><\/h2><p class=\"post-meta\"><\/p><div class=\"post-content\"><div class=\"post-content-inner\"><p>\ud83c\udf1e Ultimate Summer Camp Guide 2025 | Silver Coast Region Looking for the perfect summer activities for your little music-makers? We&#8217;ve researched the best camps in our region to help Music Together families find amazing summer adventures that complement your child&#8217;s&#8230;<\/p>\n<\/div><a href=\"https:\/\/musictogethersilvercoast.pt\/pt\/2025\/06\/20\/%f0%9f%8c%9e-ultimate-summer-camp-guide-2025-silver-coast-region\/\" class=\"more-link\">read more&#8230;<\/a><\/div><\/article><article class=\"et_pb_post et_pb_post_id_2652 clearfix et_pb_blog_item_0_1 post-2652 post type-post status-publish format-standard has-post-thumbnail hentry category-music-together tag-familybonding tag-musictogether tag-silvercoast\"><div class=\"et_pb_image_container\"><a href=\"https:\/\/musictogethersilvercoast.pt\/pt\/2025\/06\/13\/a-childs-love-for-music\/\" class=\"entry-featured-image-url\"><img loading=\"lazy\" decoding=\"async\" src=\"https:\/\/musictogethersilvercoast.pt\/wp-content\/uploads\/sites\/12\/2024\/08\/MT-SocialTiles_FIDDLE_Illustration-10.png\" width=\"400\" height=\"284\" alt=\"A Child&#8217;s Love for Music\" class=\"\" srcset=\"https:\/\/musictogethersilvercoast.pt\/wp-content\/uploads\/sites\/12\/2024\/08\/MT-SocialTiles_FIDDLE_Illustration-10.png 479w, https:\/\/musictogethersilvercoast.pt\/wp-content\/uploads\/sites\/12\/2024\/08\/MT-SocialTiles_FIDDLE_Illustration-10-400x284.png 480w\" sizes=\"(max-width:479px) 479px, 100vw\" \/><span data-icon=\"\ue050\" class=\"et_overlay et_pb_inline_icon\"><\/span><\/a><\/div><h2 class=\"entry-title\"><a href=\"https:\/\/musictogethersilvercoast.pt\/pt\/2025\/06\/13\/a-childs-love-for-music\/\">O Amor das Crian\u00e7as pela M\u00fasica<\/a><\/h2><p class=\"post-meta\"><\/p><div class=\"post-content\"><div class=\"post-content-inner\"><p>A Child&#8217;s Love for Music A spark amongst all those lights caught my eye. There was someone looking at me\u2014a young girl, so excited to see me, and it melted my heart. It was pure joy, and I just wanted to give her a big hug and wish her a wonderful show too. A&#8230;<\/p>\n<\/div><a href=\"https:\/\/musictogethersilvercoast.pt\/pt\/2025\/06\/13\/a-childs-love-for-music\/\" class=\"more-link\">read more&#8230;<\/a><\/div><\/article><article class=\"et_pb_post et_pb_post_id_2643 clearfix et_pb_no_thumb et_pb_blog_item_0_2 post-2643 post type-post status-publish format-standard hentry category-music-together category-spring tag-familyactivities tag-familybonding tag-musictogether tag-salirdoporto tag-silvercoast tag-spring\"><h2 class=\"entry-title\"><a href=\"https:\/\/musictogethersilvercoast.pt\/pt\/2025\/05\/30\/chegamos-ao-final-do-tambourine-reflexoes-e-novos-horizontes\/\">Cheg\u00e1mos ao Final do Tambourine: Reflex\u00f5es e Novos Horizontes<\/a><\/h2><p class=\"post-meta\"><\/p><div class=\"post-content\"><div class=\"post-content-inner\"><p>We&#8217;ve reached the end of our spring song collection &#8211; Tambourine. With the closing of one cycle comes the time to reflect on what has been and set sail for new paths. What We Learned This Term This was a period of exploration and discovery, where we began&#8230;<\/p>\n<\/div><a href=\"https:\/\/musictogethersilvercoast.pt\/pt\/2025\/05\/30\/chegamos-ao-final-do-tambourine-reflexoes-e-novos-horizontes\/\" class=\"more-link\">read more&#8230;<\/a><\/div><\/article><article class=\"et_pb_post et_pb_post_id_2637 clearfix et_pb_blog_item_0_3 post-2637 post type-post status-publish format-standard has-post-thumbnail hentry category-ma category-music-together\"><div class=\"et_pb_image_container\"><a href=\"https:\/\/musictogethersilvercoast.pt\/pt\/2025\/05\/04\/pequenos-passos-grandes-momentos-historias-da-nossa-comunidade-musical\/\" class=\"entry-featured-image-url\"><img loading=\"lazy\" decoding=\"async\" src=\"https:\/\/musictogethersilvercoast.pt\/wp-content\/uploads\/sites\/12\/2025\/02\/MT-ClassroomPhoto-Outdoors-22-web.jpg\" width=\"400\" height=\"284\" alt=\"Pequenos Passos, Grandes Momentos: Hist\u00f3rias da Nossa Comunidade Musical\" class=\"\" srcset=\"https:\/\/musictogethersilvercoast.pt\/wp-content\/uploads\/sites\/12\/2025\/02\/MT-ClassroomPhoto-Outdoors-22-web.jpg 479w, https:\/\/musictogethersilvercoast.pt\/wp-content\/uploads\/sites\/12\/2025\/02\/MT-ClassroomPhoto-Outdoors-22-web-400x284.jpg 480w\" sizes=\"(max-width:479px) 479px, 100vw\" \/><span data-icon=\"\ue050\" class=\"et_overlay et_pb_inline_icon\"><\/span><\/a><\/div><h2 class=\"entry-title\"><a href=\"https:\/\/musictogethersilvercoast.pt\/pt\/2025\/05\/04\/pequenos-passos-grandes-momentos-historias-da-nossa-comunidade-musical\/\">Pequenos Passos, Grandes Momentos: Hist\u00f3rias da Nossa Comunidade Musical<\/a><\/h2><p class=\"post-meta\"><\/p><div class=\"post-content\"><div class=\"post-content-inner\"><p>T\u00eam sido aulas especialmente emotivas. Na semana passada, uma crian\u00e7a mais t\u00edmida finalmente veio, com um aninho, sentar-se comigo para tocar instrumentos musicais. Um pequeno mas importante passo na nossa rela\u00e7\u00e3o cada vez mais pr\u00f3xima&#8230;<\/p>\n<\/div><a href=\"https:\/\/musictogethersilvercoast.pt\/pt\/2025\/05\/04\/pequenos-passos-grandes-momentos-historias-da-nossa-comunidade-musical\/\" class=\"more-link\">read more&#8230;<\/a><\/div><\/article><article class=\"et_pb_post et_pb_post_id_2455 clearfix et_pb_blog_item_0_4 post-2455 post type-post status-publish format-standard has-post-thumbnail hentry category-ma category-rk tag-familyactivities tag-familybonding tag-musictogether tag-rhythmkids tag-silvercoast tag-tiger tag-winte\"><div class=\"et_pb_image_container\"><a href=\"https:\/\/musictogethersilvercoast.pt\/pt\/2024\/11\/22\/2455\/\" class=\"entry-featured-image-url\"><img loading=\"lazy\" decoding=\"async\" src=\"https:\/\/musictogethersilvercoast.pt\/wp-content\/uploads\/sites\/12\/2024\/11\/MT-SocialTile-Drum-Tiger-Illustration.png\" width=\"400\" height=\"284\" alt=\"\ud83c\udfb6 Announcing Our Winter Collection at Music Together Silver Coast! \ud83c\udfb6\" class=\"\" srcset=\"https:\/\/musictogethersilvercoast.pt\/wp-content\/uploads\/sites\/12\/2024\/11\/MT-SocialTile-Drum-Tiger-Illustration.png 479w, https:\/\/musictogethersilvercoast.pt\/wp-content\/uploads\/sites\/12\/2024\/11\/MT-SocialTile-Drum-Tiger-Illustration-400x284.png 480w\" sizes=\"(max-width:479px) 479px, 100vw\" \/><span data-icon=\"\ue050\" class=\"et_overlay et_pb_inline_icon\"><\/span><\/a><\/div><h2 class=\"entry-title\"><a href=\"https:\/\/musictogethersilvercoast.pt\/pt\/2024\/11\/22\/2455\/\">\ud83c\udfb6 Apresentamos a Cole\u00e7\u00e3o de Inverno no Music Together Silver Coast! \ud83c\udfb6<\/a><\/h2><p class=\"post-meta\"><\/p><div class=\"post-content\"><div class=\"post-content-inner\"><p>Warm up this winter with Music Together Silver Coast! Join us for the Drum Collection (Mixed Ages) and Tiger Collection (Rhythm Kids), starting this January. Fun, award-winning songs, take-home materials, and family bonding await. Sign up now!<\/p>\n<\/div><a href=\"https:\/\/musictogethersilvercoast.pt\/pt\/2024\/11\/22\/2455\/\" class=\"more-link\">read more&#8230;<\/a><\/div><\/article><article class=\"et_pb_post et_pb_post_id_2343 clearfix et_pb_blog_item_0_5 post-2343 post type-post status-publish format-standard has-post-thumbnail hentry category-music-together tag-musictogether\"><div class=\"et_pb_image_container\"><a href=\"https:\/\/musictogethersilvercoast.pt\/pt\/2024\/10\/14\/professional-development-update-play-therapy\/\" class=\"entry-featured-image-url\"><img loading=\"lazy\" decoding=\"async\" src=\"https:\/\/musictogethersilvercoast.pt\/wp-content\/uploads\/sites\/12\/2024\/10\/XdSeOO0O66LBMrRTjQXp-1wthi.jpg\" width=\"400\" height=\"284\" alt=\"Professional Development Update: Play Therapy training\" class=\"\" srcset=\"https:\/\/musictogethersilvercoast.pt\/wp-content\/uploads\/sites\/12\/2024\/10\/XdSeOO0O66LBMrRTjQXp-1wthi.jpg 479w, https:\/\/musictogethersilvercoast.pt\/wp-content\/uploads\/sites\/12\/2024\/10\/XdSeOO0O66LBMrRTjQXp-1wthi-400x284.jpg 480w\" sizes=\"(max-width:479px) 479px, 100vw\" \/><span data-icon=\"\ue050\" class=\"et_overlay et_pb_inline_icon\"><\/span><\/a><\/div><h2 class=\"entry-title\"><a href=\"https:\/\/musictogethersilvercoast.pt\/pt\/2024\/10\/14\/professional-development-update-play-therapy\/\">Atualiza\u00e7\u00e3o de Desenvolvimento Profissional: Play Therapy<\/a><\/h2><p class=\"post-meta\"><\/p><div class=\"post-content\"><div class=\"post-content-inner\"><p>Professional Development Update: Play Therapy We&#8217;re pleased to announce that our instructor has completed specialized Play Therapy training. This additional expertise enriches our Music Together program by deepening our understanding of child development and adding&#8230;<\/p>\n<\/div><a href=\"https:\/\/musictogethersilvercoast.pt\/pt\/2024\/10\/14\/professional-development-update-play-therapy\/\" class=\"more-link\">read more&#8230;<\/a><\/div><\/article><article class=\"et_pb_post et_pb_post_id_2337 clearfix et_pb_blog_item_0_6 post-2337 post type-post status-publish format-standard has-post-thumbnail hentry category-uncategorised\"><div class=\"et_pb_image_container\"><a href=\"https:\/\/musictogethersilvercoast.pt\/pt\/2024\/10\/12\/nurturing-families-through-music-and-nature\/\" class=\"entry-featured-image-url\"><img loading=\"lazy\" decoding=\"async\" src=\"https:\/\/musictogethersilvercoast.pt\/wp-content\/uploads\/sites\/12\/2024\/10\/PXL_20241012_150036161-1.jpg\" width=\"400\" height=\"284\" alt=\"Child playing with Autumn Leaves\" class=\"\" srcset=\"https:\/\/musictogethersilvercoast.pt\/wp-content\/uploads\/sites\/12\/2024\/10\/PXL_20241012_150036161-1.jpg 479w, https:\/\/musictogethersilvercoast.pt\/wp-content\/uploads\/sites\/12\/2024\/10\/PXL_20241012_150036161-1-400x284.jpg 480w\" sizes=\"(max-width:479px) 479px, 100vw\" \/><span data-icon=\"\ue050\" class=\"et_overlay et_pb_inline_icon\"><\/span><\/a><\/div><h2 class=\"entry-title\"><a href=\"https:\/\/musictogethersilvercoast.pt\/pt\/2024\/10\/12\/nurturing-families-through-music-and-nature\/\">Nutrindo Fam\u00edlias Atrav\u00e9s da M\u00fasica e da Natureza<\/a><\/h2><p class=\"post-meta\"><\/p><div class=\"post-content\"><div class=\"post-content-inner\"><p>Nurturing Families Through Music and Nature &#8220;I have energy again!&#8221; a mom exclaimed after our Music Together session. Despite a challenging morning and the usual parenting juggle, she made it to class. Now, after immersing herself in nature, bonding with her child, and&#8230;<\/p>\n<\/div><a href=\"https:\/\/musictogethersilvercoast.pt\/pt\/2024\/10\/12\/nurturing-families-through-music-and-nature\/\" class=\"more-link\">read more&#8230;<\/a><\/div><\/article><article class=\"et_pb_post et_pb_post_id_1954 clearfix et_pb_blog_item_0_7 post-1954 post type-post status-publish format-standard has-post-thumbnail hentry category-autumn category-ma category-music-together category-rk\"><div class=\"et_pb_image_container\"><a href=\"https:\/\/musictogethersilvercoast.pt\/pt\/2024\/07\/16\/harmony-at-home-how-music-brings-families-together\/\" class=\"entry-featured-image-url\"><img loading=\"lazy\" decoding=\"async\" src=\"https:\/\/musictogethersilvercoast.pt\/wp-content\/uploads\/sites\/12\/2024\/08\/MT-FB-Event-Graphic-17.jpg\" width=\"400\" height=\"284\" alt=\"Harmony at Home: How Music Brings Families Together\" class=\"\" srcset=\"https:\/\/musictogethersilvercoast.pt\/wp-content\/uploads\/sites\/12\/2024\/08\/MT-FB-Event-Graphic-17.jpg 479w, https:\/\/musictogethersilvercoast.pt\/wp-content\/uploads\/sites\/12\/2024\/08\/MT-FB-Event-Graphic-17-400x284.jpg 480w\" sizes=\"(max-width:479px) 479px, 100vw\" \/><span data-icon=\"\ue050\" class=\"et_overlay et_pb_inline_icon\"><\/span><\/a><\/div><h2 class=\"entry-title\"><a href=\"https:\/\/musictogethersilvercoast.pt\/pt\/2024\/07\/16\/harmony-at-home-how-music-brings-families-together\/\">Harmony at Home: How Music Brings Families Together<\/a><\/h2><p class=\"post-meta\"><\/p><div class=\"post-content\"><div class=\"post-content-inner\"><p>Harmony at Home: How Music Brings Families Together \u00a0Finding quality time to spend with family can be a challenge. But what if there was a simple, enjoyable way to connect with your loved ones that also offers numerous benefits? Enter music\u2014a universal language that&#8230;<\/p>\n<\/div><a href=\"https:\/\/musictogethersilvercoast.pt\/pt\/2024\/07\/16\/harmony-at-home-how-music-brings-families-together\/\" class=\"more-link\">read more&#8230;<\/a><\/div><\/article><article class=\"et_pb_post et_pb_post_id_1947 clearfix et_pb_blog_item_0_8 post-1947 post type-post status-publish format-standard has-post-thumbnail hentry category-autumn category-ma category-music-together category-rk\"><div class=\"et_pb_image_container\"><a href=\"https:\/\/musictogethersilvercoast.pt\/pt\/2024\/07\/16\/the-powerful-impact-of-music-education-on-child-development\/\" class=\"entry-featured-image-url\"><img loading=\"lazy\" decoding=\"async\" src=\"https:\/\/musictogethersilvercoast.pt\/wp-content\/uploads\/sites\/12\/2024\/07\/YBWC2aFuDI3Jh8Drrbnv-1-1td3x_2x-scaled.jpg\" width=\"400\" height=\"284\" alt=\"Highly focused child making music\" class=\"\" srcset=\"https:\/\/musictogethersilvercoast.pt\/wp-content\/uploads\/sites\/12\/2024\/07\/YBWC2aFuDI3Jh8Drrbnv-1-1td3x_2x-scaled.jpg 479w, https:\/\/musictogethersilvercoast.pt\/wp-content\/uploads\/sites\/12\/2024\/07\/YBWC2aFuDI3Jh8Drrbnv-1-1td3x_2x-400x284.jpg 480w\" sizes=\"(max-width:479px) 479px, 100vw\" \/><span data-icon=\"\ue050\" class=\"et_overlay et_pb_inline_icon\"><\/span><\/a><\/div><h2 class=\"entry-title\"><a href=\"https:\/\/musictogethersilvercoast.pt\/pt\/2024\/07\/16\/the-powerful-impact-of-music-education-on-child-development\/\">The Powerful Impact of Music Education on Child Development<\/a><\/h2><p class=\"post-meta\"><\/p><div class=\"post-content\"><div class=\"post-content-inner\"><p>The Powerful Impact of Music Education on Child Development Parents are always looking for ways to give their children the best childhood. While many focus on traditional academic subjects, there&#8217;s a powerful tool that often goes unnoticed: music education. At Music&#8230;<\/p>\n<\/div><a href=\"https:\/\/musictogethersilvercoast.pt\/pt\/2024\/07\/16\/the-powerful-impact-of-music-education-on-child-development\/\" class=\"more-link\">read more&#8230;<\/a><\/div><\/article><article class=\"et_pb_post et_pb_post_id_1886 clearfix et_pb_blog_item_0_9 post-1886 post type-post status-publish format-standard has-post-thumbnail hentry category-music-together category-rk category-summer\"><div class=\"et_pb_image_container\"><a href=\"https:\/\/musictogethersilvercoast.pt\/pt\/2024\/06\/27\/make-the-most-of-your-rainy-days-in-salir-do-porto-and-sao-martinho-do-porto-with-music-together-silver-coast\/\" class=\"entry-featured-image-url\"><img loading=\"lazy\" decoding=\"async\" src=\"https:\/\/musictogethersilvercoast.pt\/wp-content\/uploads\/sites\/12\/2024\/05\/RK-May-11-mini.jpg\" width=\"400\" height=\"284\" alt=\"Make the Most of Your Rainy Days in Salir do Porto and S\u00e3o Martinho do Porto with Music Together Silver Coast\" class=\"\" srcset=\"https:\/\/musictogethersilvercoast.pt\/wp-content\/uploads\/sites\/12\/2024\/05\/RK-May-11-mini.jpg 479w, https:\/\/musictogethersilvercoast.pt\/wp-content\/uploads\/sites\/12\/2024\/05\/RK-May-11-mini-400x284.jpg 480w\" sizes=\"(max-width:479px) 479px, 100vw\" \/><span data-icon=\"\ue050\" class=\"et_overlay et_pb_inline_icon\"><\/span><\/a><\/div><h2 class=\"entry-title\"><a href=\"https:\/\/musictogethersilvercoast.pt\/pt\/2024\/06\/27\/make-the-most-of-your-rainy-days-in-salir-do-porto-and-sao-martinho-do-porto-with-music-together-silver-coast\/\">Make the Most of Your Rainy Days in Salir do Porto and S\u00e3o Martinho do Porto with Music Together Silver Coast<\/a><\/h2><p class=\"post-meta\"><\/p><div class=\"post-content\"><div class=\"post-content-inner\"><p>Don\u2019t let rainy weather ruin your vacation! Join Music Together Silver Coast&#8217;s summer program for fun-filled, educational music classes perfect for the whole family. Enjoy singing, dancing, yoga and bonding, creating unforgettable memories. Sign up today and turn your&hellip;<\/p>\n<\/div><a href=\"https:\/\/musictogethersilvercoast.pt\/pt\/2024\/06\/27\/make-the-most-of-your-rainy-days-in-salir-do-porto-and-sao-martinho-do-porto-with-music-together-silver-coast\/\" class=\"more-link\">read more&#8230;<\/a><\/div><\/article><\/div><\/div><\/div><\/div><\/div><\/div>","protected":false},"excerpt":{"rendered":"","protected":false},"author":2,"featured_media":0,"parent":0,"menu_order":0,"comment_status":"closed","ping_status":"closed","template":"","meta":{"_et_pb_use_builder":"on","_et_pb_old_content":"","_et_gb_content_width":"","footnotes":""},"class_list":["post-779","page","type-page","status-publish","hentry"],"_links":{"self":[{"href":"https:\/\/musictogethersilvercoast.pt\/pt\/wp-json\/wp\/v2\/pages\/779","targetHints":{"allow":["GET"]}}],"collection":[{"href":"https:\/\/musictogethersilvercoast.pt\/pt\/wp-json\/wp\/v2\/pages"}],"about":[{"href":"https:\/\/musictogethersilvercoast.pt\/pt\/wp-json\/wp\/v2\/types\/page"}],"author":[{"embeddable":true,"href":"https:\/\/musictogethersilvercoast.pt\/pt\/wp-json\/wp\/v2\/users\/2"}],"replies":[{"embeddable":true,"href":"https:\/\/musictogethersilvercoast.pt\/pt\/wp-json\/wp\/v2\/comments?post=779"}],"version-history":[{"count":4,"href":"https:\/\/musictogethersilvercoast.pt\/pt\/wp-json\/wp\/v2\/pages\/779\/revisions"}],"predecessor-version":[{"id":2848,"href":"https:\/\/musictogethersilvercoast.pt\/pt\/wp-json\/wp\/v2\/pages\/779\/revisions\/2848"}],"wp:attachment":[{"href":"https:\/\/musictogethersilvercoast.pt\/pt\/wp-json\/wp\/v2\/media?parent=779"}],"curies":[{"name":"wp","href":"https:\/\/api.w.org\/{rel}","templated":true}]}}